{"id":3833,"date":"2022-01-25T17:38:25","date_gmt":"2022-01-25T16:38:25","guid":{"rendered":"https:\/\/somoslegales.es\/politica-de-privadesa\/"},"modified":"2022-02-14T15:43:19","modified_gmt":"2022-02-14T14:43:19","slug":"politica-de-privacitat","status":"publish","type":"page","link":"https:\/\/somoslegales.es\/ca\/politica-de-privacitat\/","title":{"rendered":"Pol\u00edtica de privacitat"},"content":{"rendered":"\t\t<div data-elementor-type=\"wp-page\" data-elementor-id=\"3833\" class=\"elementor elementor-3833 elementor-3\" data-elementor-post-type=\"page\">\n\t\t\t\t\t\t<section class=\"elementor-section elementor-top-section elementor-element elementor-element-216d1c35 elementor-section-boxed elementor-section-height-default elementor-section-height-default\" data-id=\"216d1c35\" data-element_type=\"section\" data-settings=\"{&quot;jet_parallax_layout_list&quot;:[{&quot;_id&quot;:&quot;5e4c4d5&quot;,&quot;jet_parallax_layout_image&quot;:{&quot;url&quot;:&quot;&quot;,&quot;id&quot;:&quot;&quot;,&quot;size&quot;:&quot;&quot;},&quot;jet_parallax_layout_image_tablet&quot;:{&quot;url&quot;:&quot;&quot;,&quot;id&quot;:&quot;&quot;,&quot;size&quot;:&quot;&quot;},&quot;jet_parallax_layout_image_mobile&quot;:{&quot;url&quot;:&quot;&quot;,&quot;id&quot;:&quot;&quot;,&quot;size&quot;:&quot;&quot;},&quot;jet_parallax_layout_speed&quot;:{&quot;unit&quot;:&quot;%&quot;,&quot;size&quot;:50,&quot;sizes&quot;:[]},&quot;jet_parallax_layout_type&quot;:&quot;scroll&quot;,&quot;jet_parallax_layout_direction&quot;:null,&quot;jet_parallax_layout_fx_direction&quot;:null,&quot;jet_parallax_layout_z_index&quot;:&quot;&quot;,&quot;jet_parallax_layout_bg_x&quot;:50,&quot;jet_parallax_layout_bg_x_tablet&quot;:&quot;&quot;,&quot;jet_parallax_layout_bg_x_mobile&quot;:&quot;&quot;,&quot;jet_parallax_layout_bg_y&quot;:50,&quot;jet_parallax_layout_bg_y_tablet&quot;:&quot;&quot;,&quot;jet_parallax_layout_bg_y_mobile&quot;:&quot;&quot;,&quot;jet_parallax_layout_bg_size&quot;:&quot;auto&quot;,&quot;jet_parallax_layout_bg_size_tablet&quot;:&quot;&quot;,&quot;jet_parallax_layout_bg_size_mobile&quot;:&quot;&quot;,&quot;jet_parallax_layout_animation_prop&quot;:&quot;transform&quot;,&quot;jet_parallax_layout_on&quot;:[&quot;desktop&quot;,&quot;tablet&quot;]}]}\">\n\t\t\t\t\t\t<div class=\"elementor-container elementor-column-gap-default\">\n\t\t\t\t\t<div class=\"elementor-column elementor-col-100 elementor-top-column elementor-element elementor-element-16283f8a\" data-id=\"16283f8a\" data-element_type=\"column\">\n\t\t\t<div class=\"elementor-widget-wrap elementor-element-populated\">\n\t\t\t\t\t\t<div class=\"elementor-element elementor-element-361e99c6 elementor-widget elementor-widget-text-editor\" data-id=\"361e99c6\" data-element_type=\"widget\" data-widget_type=\"text-editor.default\">\n\t\t\t\t<div class=\"elementor-widget-container\">\n\t\t\t\t\t\t\t<p><strong>\u00a0<\/strong><\/p>\n<h1><strong>Pol\u00edtica de Privacitat<\/strong><\/h1>\n<p><strong>\u00a0<\/strong><\/p>\n<p>El Reglament (UE) 2016\/679 de protecci\u00f3 de dades de car\u00e0cter personal, estableix un nou enfocament per al control i el tractament de les dades de car\u00e0cter personal. Hem revisat i adaptat la nostra pol\u00edtica de privacitat als nous requisits i volem oferir m\u00e9s informaci\u00f3 i transpar\u00e8ncia amb relaci\u00f3 al tractament de les dades personals. Somos Legales \u00e9s responsable del tractament de les dades de car\u00e0cter personal dels seus usuaris i clients, aix\u00ed com de les dades que puguin ser recollides a trav\u00e9s del lloc web.<\/p>\n<p>Somos Legales informa els usuaris del lloc web sobre la seva pol\u00edtica respecte del tractament i protecci\u00f3 de les dades de car\u00e0cter personal dels usuaris i clients que puguin ser demanats per la navegaci\u00f3 o contractaci\u00f3 de serveis a trav\u00e9s del seu lloc web.<\/p>\n<p><strong>FINALITAT DEL TRACTAMENT DE LES DADES<\/strong><\/p>\n<p>Les teves dades de car\u00e0cter personal es demanen amb la finalitat de prestar i mantenir els serveis acordats contractualment aix\u00ed com poder informar-te sobre els nous productes i serveis. El tractament de les dades que ens facilitis a trav\u00e9s dels formularis de la web www.somoslegales.es es regir\u00e0 per aquesta mateixa pol\u00edtica de privacitat. Les operacions, gestions i procediments t\u00e8cnics que es realitzin de forma automatitzada o no automatitzada i que possibilitin la recollida, emmagatzematge, modificaci\u00f3, transfer\u00e8ncia i altres accions sobre dades de car\u00e0cter personal, tenen la consideraci\u00f3 de tractament de dades personals. Somos Legales procedir\u00e0 a tractar les dades de car\u00e0cter personal de manera l\u00edcita, lleial, transparent, adequada, pertinent, limitada, exacta i actualitzada.<\/p>\n<p><strong>DADES RECAPTADES PER A LA PRESTACI\u00d3 D&#8217;UN SERVEI<\/strong><\/p>\n<p>Les dades de car\u00e0cter personal que ens facilitis per a la prestaci\u00f3 d&#8217;un servei seran les m\u00ednimes exigibles per poder elaborar el contracte aix\u00ed com per poder oferir-te els serveis que contractis i per al compliment de les obligacions legals. Les dades seran conservades durant els terminis legalment establerts.<\/p>\n<p><strong>DADES RECAPTADES PER A LA SOL\u00b7LICITUD D&#8217;INFORMACI\u00d3 A TRAV\u00c9S DEL FORMULARI WEB<\/strong><\/p>\n<p>Les dades personals demanades a trav\u00e9s del formulari web per a la petici\u00f3 d&#8217;informaci\u00f3 tenen com a finalitat enviar informaci\u00f3 comercial sobre els nostres productes i serveis. El tractament de les dades en aquest cas est\u00e0 legitimat pel consentiment expr\u00e9s que vost\u00e8 ens presta en acceptar l&#8217;enviament de la informaci\u00f3 aportada a trav\u00e9s del formulari.<\/p>\n<p><strong>EXERCICI DELS DRETS<\/strong><\/p>\n<p>D&#8217;acord amb els drets que confereix el Reglament (UE) 2016\/679 de protecci\u00f3 de dades de car\u00e0cter personal podreu exercir els drets d&#8217;acc\u00e9s, rectificaci\u00f3, limitaci\u00f3 de tractament, supressi\u00f3, portabilitat i oposici\u00f3 al tractament de les vostres dades dirigint la vostra petici\u00f3 a la adre\u00e7a postal indicada o al correu electr\u00f2nic lopd@somoslegales.es. Per a l&#8217;exercici dels drets t&#8217;haur\u00e0s d&#8217;identificar mitjan\u00e7ant la presentaci\u00f3 del teu DNI.<\/p>\n<p><strong>DESTINATARIS<\/strong><\/p>\n<p>Somos Legales informa als usuaris que les seves dades personals no seran comunicades a tercers, llevat que aquesta comunicaci\u00f3 de dades estigui emparada en una obligaci\u00f3 legal o quan la prestaci\u00f3 d&#8217;un servei impliqui la necessitat d&#8217;una relaci\u00f3 contractual amb un encarregat de tractament. En aquest darrer cas, els destinataris de les vostres dades poden ser empreses del grup, empreses de solv\u00e8ncia patrimonial (en el cas d&#8217;impagaments, comunicats mitjan\u00e7ant els procediments i garanties establerts per la normativa vigent) aix\u00ed com determinats encarregats del tractament necessaris per a la correcta prestaci\u00f3 dels serveis.<br \/>\nSomos Legales mant\u00e9 uns criteris estrictes de selecci\u00f3 d&#8217;encarregats de tractament i es compromet contractualment amb cadascun a complir i fer complir les obligacions establertes en mat\u00e8ria de protecci\u00f3 de dades.<\/p>\n<p><strong>VARIACI\u00d3 DE LES DADES<\/strong><\/p>\n<p>Mentre no ens comuniquis el contrari, entendrem que les teves dades no s&#8217;han modificat i que et compromets a notificar-nos qualsevol variaci\u00f3. Per a qualsevol reclamaci\u00f3 pots adre\u00e7ar-te a Somos Legales mitjan\u00e7ant la seg\u00fcent adre\u00e7a de correu electr\u00f2nic lopd@somoslegales.es. Igualment pots adre\u00e7ar-te a l&#8217;Ag\u00e8ncia Espanyola de Protecci\u00f3 de Dades <a href=\"http:\/\/www.aepd.es\" target=\"_blank\" rel=\"noopener\">www.aepd.es<\/a>.<\/p>\n<p>&nbsp;<\/p>\n\t\t\t\t\t\t<\/div>\n\t\t\t\t<\/div>\n\t\t\t\t\t<\/div>\n\t\t<\/div>\n\t\t\t\t\t<\/div>\n\t\t<\/section>\n\t\t\t\t<\/div>\n\t\t","protected":false},"excerpt":{"rendered":"<p>\u00a0 Pol\u00edtica de Privacitat \u00a0 El Reglament (UE) 2016\/679 de protecci\u00f3 de dades de car\u00e0cter personal, estableix un nou enfocament per al control i el tractament de les dades de car\u00e0cter personal. Hem revisat i adaptat la nostra pol\u00edtica de privacitat als nous requisits i volem oferir m\u00e9s informaci\u00f3 i transpar\u00e8ncia amb relaci\u00f3 al tractament &#8230; <a title=\"Pol\u00edtica de privacitat\" class=\"read-more\" href=\"https:\/\/somoslegales.es\/ca\/politica-de-privacitat\/\" aria-label=\"M\u00e9s sobre Pol\u00edtica de privacitat\">Llegiu m\u00e9s<\/a><\/p>\n","protected":false},"author":1,"featured_media":0,"parent":0,"menu_order":0,"comment_status":"closed","ping_status":"closed","template":"","meta":{"footnotes":""},"class_list":["post-3833","page","type-page","status-publish"],"yoast_head":"<!-- This site is optimized with the Yoast SEO plugin v23.8 - https:\/\/yoast.com\/wordpress\/plugins\/seo\/ -->\n<title>Pol\u00edtica de privacitat - Somos Legales<\/title>\n<meta name=\"robots\" content=\"noindex, nofollow\" \/>\n<meta property=\"og:locale\" content=\"ca_ES\" \/>\n<meta property=\"og:type\" content=\"article\" \/>\n<meta property=\"og:title\" content=\"Pol\u00edtica de privacitat - Somos Legales\" \/>\n<meta property=\"og:description\" content=\"\u00a0 Pol\u00edtica de Privacitat \u00a0 El Reglament (UE) 2016\/679 de protecci\u00f3 de dades de car\u00e0cter personal, estableix un nou enfocament per al control i el tractament de les dades de car\u00e0cter personal. Hem revisat i adaptat la nostra pol\u00edtica de privacitat als nous requisits i volem oferir m\u00e9s informaci\u00f3 i transpar\u00e8ncia amb relaci\u00f3 al tractament ... Llegiu m\u00e9s\" \/>\n<meta property=\"og:url\" content=\"https:\/\/somoslegales.es\/ca\/politica-de-privacitat\/\" \/>\n<meta property=\"og:site_name\" content=\"Somos Legales\" \/>\n<meta property=\"article:modified_time\" content=\"2022-02-14T14:43:19+00:00\" \/>\n<meta name=\"twitter:card\" content=\"summary_large_image\" \/>\n<meta name=\"twitter:label1\" content=\"Temps estimat de lectura\" \/>\n\t<meta name=\"twitter:data1\" content=\"3 minuts\" \/>\n<script type=\"application\/ld+json\" class=\"yoast-schema-graph\">{\"@context\":\"https:\/\/schema.org\",\"@graph\":[{\"@type\":\"WebPage\",\"@id\":\"https:\/\/somoslegales.es\/ca\/politica-de-privacitat\/\",\"url\":\"https:\/\/somoslegales.es\/ca\/politica-de-privacitat\/\",\"name\":\"Pol\u00edtica de privacitat - Somos Legales\",\"isPartOf\":{\"@id\":\"https:\/\/somoslegales.es\/#website\"},\"datePublished\":\"2022-01-25T16:38:25+00:00\",\"dateModified\":\"2022-02-14T14:43:19+00:00\",\"breadcrumb\":{\"@id\":\"https:\/\/somoslegales.es\/ca\/politica-de-privacitat\/#breadcrumb\"},\"inLanguage\":\"ca\",\"potentialAction\":[{\"@type\":\"ReadAction\",\"target\":[\"https:\/\/somoslegales.es\/ca\/politica-de-privacitat\/\"]}]},{\"@type\":\"BreadcrumbList\",\"@id\":\"https:\/\/somoslegales.es\/ca\/politica-de-privacitat\/#breadcrumb\",\"itemListElement\":[{\"@type\":\"ListItem\",\"position\":1,\"name\":\"Portada\",\"item\":\"https:\/\/somoslegales.es\/\"},{\"@type\":\"ListItem\",\"position\":2,\"name\":\"Pol\u00edtica de privacitat\"}]},{\"@type\":\"WebSite\",\"@id\":\"https:\/\/somoslegales.es\/#website\",\"url\":\"https:\/\/somoslegales.es\/\",\"name\":\"Somos Legales\",\"description\":\"Tu inmobiliaria en Barcelona\",\"potentialAction\":[{\"@type\":\"SearchAction\",\"target\":{\"@type\":\"EntryPoint\",\"urlTemplate\":\"https:\/\/somoslegales.es\/?s={search_term_string}\"},\"query-input\":{\"@type\":\"PropertyValueSpecification\",\"valueRequired\":true,\"valueName\":\"search_term_string\"}}],\"inLanguage\":\"ca\"}]}<\/script>\n<!-- \/ Yoast SEO plugin. -->","yoast_head_json":{"title":"Pol\u00edtica de privacitat - Somos Legales","robots":{"index":"noindex","follow":"nofollow"},"og_locale":"ca_ES","og_type":"article","og_title":"Pol\u00edtica de privacitat - Somos Legales","og_description":"\u00a0 Pol\u00edtica de Privacitat \u00a0 El Reglament (UE) 2016\/679 de protecci\u00f3 de dades de car\u00e0cter personal, estableix un nou enfocament per al control i el tractament de les dades de car\u00e0cter personal. Hem revisat i adaptat la nostra pol\u00edtica de privacitat als nous requisits i volem oferir m\u00e9s informaci\u00f3 i transpar\u00e8ncia amb relaci\u00f3 al tractament ... Llegiu m\u00e9s","og_url":"https:\/\/somoslegales.es\/ca\/politica-de-privacitat\/","og_site_name":"Somos Legales","article_modified_time":"2022-02-14T14:43:19+00:00","twitter_card":"summary_large_image","twitter_misc":{"Temps estimat de lectura":"3 minuts"},"schema":{"@context":"https:\/\/schema.org","@graph":[{"@type":"WebPage","@id":"https:\/\/somoslegales.es\/ca\/politica-de-privacitat\/","url":"https:\/\/somoslegales.es\/ca\/politica-de-privacitat\/","name":"Pol\u00edtica de privacitat - Somos Legales","isPartOf":{"@id":"https:\/\/somoslegales.es\/#website"},"datePublished":"2022-01-25T16:38:25+00:00","dateModified":"2022-02-14T14:43:19+00:00","breadcrumb":{"@id":"https:\/\/somoslegales.es\/ca\/politica-de-privacitat\/#breadcrumb"},"inLanguage":"ca","potentialAction":[{"@type":"ReadAction","target":["https:\/\/somoslegales.es\/ca\/politica-de-privacitat\/"]}]},{"@type":"BreadcrumbList","@id":"https:\/\/somoslegales.es\/ca\/politica-de-privacitat\/#breadcrumb","itemListElement":[{"@type":"ListItem","position":1,"name":"Portada","item":"https:\/\/somoslegales.es\/"},{"@type":"ListItem","position":2,"name":"Pol\u00edtica de privacitat"}]},{"@type":"WebSite","@id":"https:\/\/somoslegales.es\/#website","url":"https:\/\/somoslegales.es\/","name":"Somos Legales","description":"Tu inmobiliaria en Barcelona","potentialAction":[{"@type":"SearchAction","target":{"@type":"EntryPoint","urlTemplate":"https:\/\/somoslegales.es\/?s={search_term_string}"},"query-input":{"@type":"PropertyValueSpecification","valueRequired":true,"valueName":"search_term_string"}}],"inLanguage":"ca"}]}},"_links":{"self":[{"href":"https:\/\/somoslegales.es\/ca\/wp-json\/wp\/v2\/pages\/3833","targetHints":{"allow":["GET"]}}],"collection":[{"href":"https:\/\/somoslegales.es\/ca\/wp-json\/wp\/v2\/pages"}],"about":[{"href":"https:\/\/somoslegales.es\/ca\/wp-json\/wp\/v2\/types\/page"}],"author":[{"embeddable":true,"href":"https:\/\/somoslegales.es\/ca\/wp-json\/wp\/v2\/users\/1"}],"replies":[{"embeddable":true,"href":"https:\/\/somoslegales.es\/ca\/wp-json\/wp\/v2\/comments?post=3833"}],"version-history":[{"count":21,"href":"https:\/\/somoslegales.es\/ca\/wp-json\/wp\/v2\/pages\/3833\/revisions"}],"predecessor-version":[{"id":4834,"href":"https:\/\/somoslegales.es\/ca\/wp-json\/wp\/v2\/pages\/3833\/revisions\/4834"}],"wp:attachment":[{"href":"https:\/\/somoslegales.es\/ca\/wp-json\/wp\/v2\/media?parent=3833"}],"curies":[{"name":"wp","href":"https:\/\/api.w.org\/{rel}","templated":true}]}}